{"id":50742,"date":"2020-07-20T14:15:35","date_gmt":"2020-07-20T14:15:35","guid":{"rendered":"https:\/\/www.forselec.es\/?page_id=50742"},"modified":"2021-03-29T09:45:26","modified_gmt":"2021-03-29T07:45:26","slug":"procesos-abiertos","status":"publish","type":"page","link":"https:\/\/www.forselec.es\/index.php\/procesos-abiertos\/","title":{"rendered":"Procesos abiertos"},"content":{"rendered":"<p>[vc_row row_type=\u00bbrow\u00bb use_row_as_full_screen_section=\u00bbno\u00bb type=\u00bbgrid\u00bb anchor=\u00bbinicio\u00bb oblique_section=\u00bbno\u00bb text_align=\u00bbcenter\u00bb triangle_shape=\u00bbno\u00bb padding_top=\u00bb73&#8243; css_animation=\u00bb\u00bb box_shadow_on_row=\u00bbno\u00bb][vc_column][vc_column_text]<\/p>\n<h2 style=\"text-align: center;\">Procesos abiertos<\/h2>\n<p>[\/vc_column_text][vc_separator type=\u00bbtransparent\u00bb up=\u00bb20&#8243; down=\u00bb20&#8243;][\/vc_column][\/vc_row][vc_row row_type=\u00bbrow\u00bb use_row_as_full_screen_section=\u00bbno\u00bb type=\u00bbgrid\u00bb oblique_section=\u00bbno\u00bb text_align=\u00bbleft\u00bb triangle_shape=\u00bbno\u00bb css_animation=\u00bb\u00bb box_shadow_on_row=\u00bbno\u00bb][vc_column][\/vc_column][\/vc_row][vc_row row_type=\u00bbrow\u00bb use_row_as_full_screen_section=\u00bbno\u00bb type=\u00bbgrid\u00bb oblique_section=\u00bbno\u00bb text_align=\u00bbleft\u00bb triangle_shape=\u00bbno\u00bb css_animation=\u00bb\u00bb box_shadow_on_row=\u00bbno\u00bb][vc_column][vc_column_text]<\/p>\n<h4 style=\"text-align: left;\"><span style=\"color: #b4b57f;\" data-darkreader-inline-color=\"\">INGENIERO DE CAMINOS CANALES Y PUERTOS \/ BIDE, UBIDE ETA PORTUEN INGENIARIA | \u00a0<\/span><span style=\"color: #808080;\" data-darkreader-inline-color=\"\">REF. 2021-02<\/span><\/h4>\n<p>[\/vc_column_text][vc_separator type=\u00bbtransparent\u00bb border_style=\u00bbdotted\u00bb up=\u00bb10&#8243;][vc_column_text]<\/p>\n<ul>\n<li>22\/02\/2021: <a href=\"https:\/\/www.forselec.es\/wp-content\/uploads\/2021\/02\/BASES-GENERALES-Y-ESPECIFICAS-.pdf\">BASES GENERALES Y ESPECIFICAS<\/a><\/li>\n<li>11\/03\/2021: <a href=\"https:\/\/www.forselec.es\/wp-content\/uploads\/2021\/03\/COMPOSICION-DEL-ORGANO-DE-SELECCION.pdf\">COMPOSICI\u00d3N DEL \u00d3RGANO DE SELECCI\u00d3N<\/a><\/li>\n<li>12\/03\/2021: <a href=\"https:\/\/www.forselec.es\/wp-content\/uploads\/2021\/03\/LISTADO-DEFINITIVO-DE-ASPIRANTES-ADMITIDOS.pdf\">LISTADO DEFINITIVO DE ASPIRANTES ADMITIDOS<\/a><\/li>\n<li>18\/03\/2021: <a href=\"https:\/\/www.forselec.es\/wp-content\/uploads\/2021\/03\/RELACION-DE-PUNTUACIONES-FASE-1-Y-FASE-2.pdf\">RELACION DE PUNTUACIONES CORRESPONDIENTES A LA FASE 1 Y FASE 2<\/a><\/li>\n<li>29\/03\/2021: <a href=\"https:\/\/www.forselec.es\/wp-content\/uploads\/2021\/03\/Comunicado-Final.pdf\">COMUNICADO FINAL<\/a><\/li>\n<\/ul>\n<p>&nbsp;<\/p>\n<p style=\"text-align: left;\">Para cualquier duda o consulta contactar con <strong><a href=\"mailto:202102aad@forselec.es\">202102aad@forselec.es<\/a><\/strong><\/p>\n<p>[\/vc_column_text][vc_separator type=\u00bbnormal\u00bb border_style=\u00bbdotted\u00bb up=\u00bb30&#8243; down=\u00bb30&#8243;][vc_separator type=\u00bbtransparent\u00bb border_style=\u00bbdotted\u00bb up=\u00bb10&#8243;][vc_column_text]<\/p>\n<h4 style=\"text-align: left;\"><span style=\"color: #b4b57f;\" data-darkreader-inline-color=\"\">OPERARIOS DE MANTENIMIENTO | \u00a0<\/span><span style=\"color: #808080;\" data-darkreader-inline-color=\"\">REF. 2021-005<\/span><\/h4>\n<p>[\/vc_column_text][vc_separator type=\u00bbtransparent\u00bb border_style=\u00bbdotted\u00bb up=\u00bb10&#8243;][vc_row_inner row_type=\u00bbrow\u00bb type=\u00bbfull_width\u00bb use_row_as_full_screen_section_slide=\u00bbno\u00bb text_align=\u00bbleft\u00bb css_animation=\u00bb\u00bb box_shadow_on_row=\u00bbno\u00bb][vc_column_inner][vc_column_text]Grupo deportivo ubicado en la Comunidad Aut\u00f3noma Vasca, requiere la incorporaci\u00f3n de operarios de mantenimiento.<\/p>\n<p>&nbsp;<\/p>\n<p>Se precisa conocimiento de mantenimiento mec\u00e1nico, el\u00e9ctrico, hidr\u00e1ulico y soldadura.<\/p>\n<p>&nbsp;<\/p>\n<p>Buscamos personas con m\u00e1s de 5 a\u00f1os de experiencia, af\u00e1n de superaci\u00f3n y con conocimientos multidisciplinares.<\/p>\n<p>&nbsp;<\/p>\n<p>Se ofrece puesto estable y remuneraci\u00f3n acorde a la val\u00eda del candidato.<\/p>\n<p>&nbsp;<\/p>\n<p>Es imprescindible la residencia en Vitoria-Gasteiz.<\/p>\n<p>&nbsp;<\/p>\n<p style=\"text-align: left;\">Env\u00eda tu curriculum a <strong><a href=\"mailto:seleccion@forselec.es\">seleccion@forselec.es<\/a><\/strong>.<\/p>\n<p>[\/vc_column_text][vc_separator type=\u00bbnormal\u00bb border_style=\u00bbdotted\u00bb up=\u00bb30&#8243; down=\u00bb30&#8243;][\/vc_column_inner][\/vc_row_inner][\/vc_column][\/vc_row][vc_row row_type=\u00bbrow\u00bb use_row_as_full_screen_section=\u00bbno\u00bb type=\u00bbgrid\u00bb oblique_section=\u00bbno\u00bb text_align=\u00bbleft\u00bb triangle_shape=\u00bbno\u00bb padding_bottom=\u00bb72&#8243; css_animation=\u00bb\u00bb box_shadow_on_row=\u00bbno\u00bb][vc_column][vc_column_text]<\/p>\n<h4 style=\"text-align: left;\"><span style=\"color: #b4b57f;\" data-darkreader-inline-color=\"\">T\u00c9CNICO COMERCIAL | \u00a0<\/span><span style=\"color: #808080;\" data-darkreader-inline-color=\"\">REF. 2021-001<\/span><\/h4>\n<p>[\/vc_column_text][vc_separator type=\u00bbtransparent\u00bb border_style=\u00bbdotted\u00bb up=\u00bb10&#8243;][vc_row_inner row_type=\u00bbrow\u00bb type=\u00bbfull_width\u00bb use_row_as_full_screen_section_slide=\u00bbno\u00bb text_align=\u00bbleft\u00bb css_animation=\u00bb\u00bb box_shadow_on_row=\u00bbno\u00bb][vc_column_inner][vc_column_text]Grupo nacional del sector IT precisa incorporar un t\u00e9cnico comercial para el desarrollo de su negocio en \u00c1lava.<\/p>\n<p>&nbsp;<\/p>\n<p>Si eres joven, din\u00e1mico y te interesa crecer profesional en el \u00e1mbito comercial de un sector en permanente desarrollo, eres el perfil que estamos buscando.<\/p>\n<p>&nbsp;<\/p>\n<p>Se ofrece incorporaci\u00f3n a compa\u00f1\u00eda de primer nivel, formaci\u00f3n permanente y una retribuci\u00f3n orientada a resultados.<\/p>\n<p>&nbsp;<\/p>\n<p>Imprescindible veh\u00edculo propio y disponibilidad para viajar.<\/p>\n<p>&nbsp;<\/p>\n<p>Env\u00eda tu curriculum a <strong><a href=\"mailto:seleccion@forselec.es\">seleccion@forselec.es<\/a><\/strong>.[\/vc_column_text][\/vc_column_inner][\/vc_row_inner][\/vc_column][\/vc_row][vc_row row_type=\u00bbrow\u00bb use_row_as_full_screen_section=\u00bbno\u00bb type=\u00bbfull_width\u00bb oblique_section=\u00bbno\u00bb text_align=\u00bbleft\u00bb triangle_shape=\u00bbno\u00bb css_animation=\u00bb\u00bb box_shadow_on_row=\u00bbno\u00bb][vc_column][\/vc_column][\/vc_row]<\/p>\n","protected":false},"excerpt":{"rendered":"<p>[vc_row row_type=\u00bbrow\u00bb use_row_as_full_screen_section=\u00bbno\u00bb type=\u00bbgrid\u00bb anchor=\u00bbinicio\u00bb oblique_section=\u00bbno\u00bb text_align=\u00bbcenter\u00bb triangle_shape=\u00bbno\u00bb padding_top=\u00bb73&#8243; css_animation=\u00bb\u00bb box_shadow_on_row=\u00bbno\u00bb][vc_column][vc_column_text] Procesos abiertos [\/vc_column_text][vc_separator type=\u00bbtransparent\u00bb up=\u00bb20&#8243; down=\u00bb20&#8243;][\/vc_column][\/vc_row][vc_row row_type=\u00bbrow\u00bb use_row_as_full_screen_section=\u00bbno\u00bb type=\u00bbgrid\u00bb oblique_section=\u00bbno\u00bb text_align=\u00bbleft\u00bb triangle_shape=\u00bbno\u00bb css_animation=\u00bb\u00bb box_shadow_on_row=\u00bbno\u00bb][vc_column][\/vc_column][\/vc_row][vc_row row_type=\u00bbrow\u00bb use_row_as_full_screen_section=\u00bbno\u00bb type=\u00bbgrid\u00bb oblique_section=\u00bbno\u00bb text_align=\u00bbleft\u00bb triangle_shape=\u00bbno\u00bb css_animation=\u00bb\u00bb box_shadow_on_row=\u00bbno\u00bb][vc_column][vc_column_text] INGENIERO DE CAMINOS CANALES Y PUERTOS \/ BIDE, UBIDE ETA PORTUEN INGENIARIA&#8230;<\/p>\n","protected":false},"author":1,"featured_media":0,"parent":0,"menu_order":0,"comment_status":"open","ping_status":"closed","template":"full_width.php","meta":{"footnotes":""},"class_list":["post-50742","page","type-page","status-publish","hentry"],"jetpack_sharing_enabled":true,"_links":{"self":[{"href":"https:\/\/www.forselec.es\/index.php\/wp-json\/wp\/v2\/pages\/50742","targetHints":{"allow":["GET"]}}],"collection":[{"href":"https:\/\/www.forselec.es\/index.php\/wp-json\/wp\/v2\/pages"}],"about":[{"href":"https:\/\/www.forselec.es\/index.php\/wp-json\/wp\/v2\/types\/page"}],"author":[{"embeddable":true,"href":"https:\/\/www.forselec.es\/index.php\/wp-json\/wp\/v2\/users\/1"}],"replies":[{"embeddable":true,"href":"https:\/\/www.forselec.es\/index.php\/wp-json\/wp\/v2\/comments?post=50742"}],"version-history":[{"count":66,"href":"https:\/\/www.forselec.es\/index.php\/wp-json\/wp\/v2\/pages\/50742\/revisions"}],"predecessor-version":[{"id":51418,"href":"https:\/\/www.forselec.es\/index.php\/wp-json\/wp\/v2\/pages\/50742\/revisions\/51418"}],"wp:attachment":[{"href":"https:\/\/www.forselec.es\/index.php\/wp-json\/wp\/v2\/media?parent=50742"}],"curies":[{"name":"wp","href":"https:\/\/api.w.org\/{rel}","templated":true}]}}